{"id":182,"date":"2024-10-14T19:28:39","date_gmt":"2024-10-14T17:28:39","guid":{"rendered":"https:\/\/www.asa365.nu\/ny\/?page_id=182"},"modified":"2024-10-14T21:21:29","modified_gmt":"2024-10-14T19:21:29","slug":"hallands-foretagare","status":"publish","type":"page","link":"https:\/\/www.asa365.nu\/ny\/hallands-foretagare\/","title":{"rendered":"Hallands f\u00f6retagare"},"content":{"rendered":"\n<div class=\"wp-block-group alignfull has-accent-background-color has-background has-global-padding is-layout-constrained wp-container-core-group-is-layout-3 wp-block-group-is-layout-constrained\" style=\"padding-top:var(--wp--preset--spacing--10);padding-right:var(--wp--preset--spacing--10);padding-bottom:var(--wp--preset--spacing--10);padding-left:var(--wp--preset--spacing--10)\">\n<div class=\"wp-block-group has-global-padding is-layout-constrained wp-block-group-is-layout-constrained\">\n<blockquote class=\"wp-block-quote is-style-default is-layout-flow wp-container-core-quote-is-layout-1 wp-block-quote-is-layout-flow\">\n<p>Vi \u00e4r medlemmar i n\u00e4tverket Hallands F\u00f6retagare<\/p>\n<\/blockquote>\n<\/div>\n\n\n\n<div class=\"wp-block-group is-layout-grid wp-container-core-group-is-layout-2 wp-block-group-is-layout-grid\">\n<p><strong>Inbjudan till lokala frukosttr\u00e4ffar<\/strong><br>H\u00e4r f\u00e5r du tr\u00e4ffa n\u00e4tverkets lokala medlemmar i den stad d\u00e4r ditt f\u00f6retag finns med m\u00f6jlighet att skapa nya relationer som oftast leder till aff\u00e4rsm\u00f6jligheter.<\/p>\n\n\n\n<figure class=\"wp-block-image size-full is-style-rounded is-style-rounded--1\"><img loading=\"lazy\" decoding=\"async\" width=\"400\" height=\"200\" src=\"https:\/\/www.asa365.nu\/ny\/wp-content\/uploads\/sites\/2\/2024\/10\/IMG_653711-1-pvo5utrd19qyzldzp704nah6460kbsxo09jfdwln0w.jpg\" alt=\"\" class=\"wp-image-183\" srcset=\"https:\/\/www.asa365.nu\/ny\/wp-content\/uploads\/sites\/2\/2024\/10\/IMG_653711-1-pvo5utrd19qyzldzp704nah6460kbsxo09jfdwln0w.jpg 400w, https:\/\/www.asa365.nu\/ny\/wp-content\/uploads\/sites\/2\/2024\/10\/IMG_653711-1-pvo5utrd19qyzldzp704nah6460kbsxo09jfdwln0w-300x150.jpg 300w\" sizes=\"auto, (max-width: 400px) 100vw, 400px\" \/><\/figure>\n<\/div>\n\n\n\n<p><strong>Inbjudan till m\u00e5natliga n\u00e4tverkstr\u00e4ffar med f\u00f6rel\u00e4sningar och workshops som utvecklar dig och ditt f\u00f6retag till en b\u00e4ttre tillv\u00e4xt.<\/strong><\/p>\n\n\n\n<p><strong>Inbjudan till n\u00e4tverkets tv\u00e5 \u00e5rliga och st\u00f6rsta evenemang, V\u00e5rgalan och H\u00f6stgalan<\/strong><br>Evenemangen inneh\u00e5ller ett inledande relationsskapande mingel, minim\u00e4ssa med v\u00e5ra partners, en f\u00f6rel\u00e4sning och gemensam middag som avslutning.<br>\u00c5rets tv\u00e5 h\u00f6jdpunkter med mycket kunskap, inspiration och stora m\u00f6jligheter till nya relationer och aff\u00e4rsm\u00f6jligheter.<\/p>\n\n\n\n<p><strong>Tillg\u00e5ng till n\u00e4tverkets kunskapsbank med inspelade f\u00f6rel\u00e4sningar&nbsp;<\/strong><br>Kunskapsbanken inneh\u00e5ller f\u00f6rel\u00e4sningar inom bland annat f\u00f6rs\u00e4ljning, juridik och kundv\u00e5rd men \u00e4ven rena inspirationsf\u00f6rel\u00e4sningar med k\u00e4nda entrepren\u00f6rer. Vi arbetar st\u00e4ndigt med att utveckla v\u00e5r kunskapsbank och fyller regelbundet p\u00e5 med nya f\u00f6rel\u00e4sning<\/p>\n\n\n\n<div class=\"wp-block-buttons is-layout-flex wp-block-buttons-is-layout-flex\">\n<div class=\"wp-block-button\"><a class=\"wp-block-button__link wp-element-button\" href=\"https:\/\/hallandsforetagare.se\" target=\"_blank\" rel=\"noreferrer noopener\">Bes\u00f6k Hallands f\u00f6retagare<\/a><\/div>\n<\/div>\n<\/div>\n","protected":false},"excerpt":{"rendered":"<p>Vi \u00e4r medlemmar i n\u00e4tverket Hallands F\u00f6retagare Inbjudan till lokala frukosttr\u00e4ffarH\u00e4r f\u00e5r du tr\u00e4ffa n\u00e4tverkets lokala medlemmar i den stad d\u00e4r ditt f\u00f6retag finns med m\u00f6jlighet att skapa nya relationer som oftast leder till aff\u00e4rsm\u00f6jligheter. Inbjudan till m\u00e5natliga n\u00e4tverkstr\u00e4ffar med f\u00f6rel\u00e4sningar och workshops som utvecklar dig och ditt f\u00f6retag till en b\u00e4ttre tillv\u00e4xt. Inbjudan till [&hellip;]<\/p>\n","protected":false},"author":1,"featured_media":0,"parent":0,"menu_order":85,"comment_status":"closed","ping_status":"closed","template":"page-no-title","meta":{"ngg_post_thumbnail":0,"footnotes":""},"class_list":["post-182","page","type-page","status-publish","hentry"],"_links":{"self":[{"href":"https:\/\/www.asa365.nu\/ny\/wp-json\/wp\/v2\/pages\/182","targetHints":{"allow":["GET"]}}],"collection":[{"href":"https:\/\/www.asa365.nu\/ny\/wp-json\/wp\/v2\/pages"}],"about":[{"href":"https:\/\/www.asa365.nu\/ny\/wp-json\/wp\/v2\/types\/page"}],"author":[{"embeddable":true,"href":"https:\/\/www.asa365.nu\/ny\/wp-json\/wp\/v2\/users\/1"}],"replies":[{"embeddable":true,"href":"https:\/\/www.asa365.nu\/ny\/wp-json\/wp\/v2\/comments?post=182"}],"version-history":[{"count":19,"href":"https:\/\/www.asa365.nu\/ny\/wp-json\/wp\/v2\/pages\/182\/revisions"}],"predecessor-version":[{"id":256,"href":"https:\/\/www.asa365.nu\/ny\/wp-json\/wp\/v2\/pages\/182\/revisions\/256"}],"wp:attachment":[{"href":"https:\/\/www.asa365.nu\/ny\/wp-json\/wp\/v2\/media?parent=182"}],"curies":[{"name":"wp","href":"https:\/\/api.w.org\/{rel}","templated":true}]}}